{"id":5822,"date":"2026-01-05T12:44:57","date_gmt":"2026-01-05T12:44:57","guid":{"rendered":"https:\/\/multiplacontabil.com.br\/blog\/?page_id=5822"},"modified":"2026-03-02T12:16:31","modified_gmt":"2026-03-02T12:16:31","slug":"blog","status":"publish","type":"page","link":"https:\/\/multiplacontabil.com.br\/blog\/blog\/","title":{"rendered":"Blog"},"content":{"rendered":"\t\t<div data-elementor-type=\"wp-page\" data-elementor-id=\"5822\" class=\"elementor elementor-5822\" data-elementor-post-type=\"page\">\n\t\t\t\t<div class=\"elementor-element elementor-element-22ac9eed e-flex e-con-boxed e-con e-parent\" data-id=\"22ac9eed\" data-element_type=\"container\" data-e-type=\"container\" data-settings=\"{&quot;background_background&quot;:&quot;classic&quot;}\">\n\t\t\t\t\t<div class=\"e-con-inner\">\n\t\t<div class=\"elementor-element elementor-element-1467ccb5 e-flex e-con-boxed e-con e-child\" data-id=\"1467ccb5\" data-element_type=\"container\" data-e-type=\"container\" data-settings=\"{&quot;background_background&quot;:&quot;classic&quot;}\">\n\t\t\t\t\t<div class=\"e-con-inner\">\n\t\t\t\t<div class=\"elementor-element elementor-element-218b3e04 elementor-widget elementor-widget-heading\" data-id=\"218b3e04\" data-element_type=\"widget\" data-e-type=\"widget\" data-widget_type=\"heading.default\">\n\t\t\t\t\t<h1 class=\"elementor-heading-title elementor-size-default\">Blog<\/h1>\t\t\t\t<\/div>\n\t\t\t\t\t<\/div>\n\t\t\t\t<\/div>\n\t\t\t\t\t<\/div>\n\t\t\t\t<\/div>\n\t\t<div class=\"elementor-element elementor-element-a810a7e e-flex e-con-boxed e-con e-parent\" data-id=\"a810a7e\" data-element_type=\"container\" data-e-type=\"container\">\n\t\t\t\t\t<div class=\"e-con-inner\">\n\t\t\t\t<div class=\"elementor-element elementor-element-a526804 elementor-widget elementor-widget-heading\" data-id=\"a526804\" data-element_type=\"widget\" data-e-type=\"widget\" data-widget_type=\"heading.default\">\n\t\t\t\t\t<h2 class=\"elementor-heading-title elementor-size-default\">Conte\u00fado Especializado em Contabilidade e Neg\u00f3cios<\/h2>\t\t\t\t<\/div>\n\t\t\t\t\t<\/div>\n\t\t\t\t<\/div>\n\t\t<div class=\"elementor-element elementor-element-141a99e6 e-flex e-con-boxed e-con e-parent\" data-id=\"141a99e6\" data-element_type=\"container\" data-e-type=\"container\">\n\t\t\t\t\t<div class=\"e-con-inner\">\n\t\t\t\t<div class=\"elementor-element elementor-element-c8af523 elementor-posts__hover-none elementor-grid-3 elementor-grid-tablet-2 elementor-grid-mobile-1 elementor-posts--thumbnail-top elementor-widget elementor-widget-posts\" data-id=\"c8af523\" data-element_type=\"widget\" data-e-type=\"widget\" data-settings=\"{&quot;cards_row_gap&quot;:{&quot;unit&quot;:&quot;px&quot;,&quot;size&quot;:80,&quot;sizes&quot;:[]},&quot;cards_row_gap_tablet&quot;:{&quot;unit&quot;:&quot;px&quot;,&quot;size&quot;:71,&quot;sizes&quot;:[]},&quot;cards_row_gap_mobile&quot;:{&quot;unit&quot;:&quot;px&quot;,&quot;size&quot;:30,&quot;sizes&quot;:[]},&quot;pagination_type&quot;:&quot;prev_next&quot;,&quot;cards_columns&quot;:&quot;3&quot;,&quot;cards_columns_tablet&quot;:&quot;2&quot;,&quot;cards_columns_mobile&quot;:&quot;1&quot;}\" data-widget_type=\"posts.cards\">\n\t\t\t\t<div class=\"elementor-widget-container\">\n\t\t\t\t\t\t\t<div class=\"elementor-posts-container elementor-posts elementor-posts--skin-cards elementor-grid\" role=\"list\">\n\t\t\t\t<article class=\"elementor-post elementor-grid-item post-6071 post type-post status-publish format-standard has-post-thumbnail hentry category-gestao-empresarial category-gestao-financeira tag-bpo-financeiro tag-capital-de-giro tag-contabilidade-consultiva tag-empresas-de-servicos tag-fluxo-de-caixa tag-gestao-financeira tag-pme\" role=\"listitem\">\n\t\t\t<div class=\"elementor-post__card\">\n\t\t\t\t<a class=\"elementor-post__thumbnail__link\" href=\"https:\/\/multiplacontabil.com.br\/blog\/2026\/08\/31\/gestao-financeira-capital-de-giro-empresas-de-servicos\/\" tabindex=\"-1\" target=\"_blank\"><div class=\"elementor-post__thumbnail\"><img fetchpriority=\"high\" decoding=\"async\" width=\"300\" height=\"200\" src=\"https:\/\/multiplacontabil.com.br\/blog\/wp-content\/uploads\/2025\/12\/planejamento-empresas-300x200.webp\" class=\"attachment-medium size-medium wp-image-11\" alt=\"\" srcset=\"https:\/\/multiplacontabil.com.br\/blog\/wp-content\/uploads\/2025\/12\/planejamento-empresas-300x200.webp 300w, https:\/\/multiplacontabil.com.br\/blog\/wp-content\/uploads\/2025\/12\/planejamento-empresas-1024x682.webp 1024w, https:\/\/multiplacontabil.com.br\/blog\/wp-content\/uploads\/2025\/12\/planejamento-empresas-768x512.webp 768w, https:\/\/multiplacontabil.com.br\/blog\/wp-content\/uploads\/2025\/12\/planejamento-empresas.webp 1400w\" sizes=\"(max-width: 300px) 100vw, 300px\" \/><\/div><\/a>\n\t\t\t\t<div class=\"elementor-post__text\">\n\t\t\t\t<h4 class=\"elementor-post__title\">\n\t\t\t<a href=\"https:\/\/multiplacontabil.com.br\/blog\/2026\/08\/31\/gestao-financeira-capital-de-giro-empresas-de-servicos\/\" target=&quot;_blank&quot;>\n\t\t\t\tGest\u00e3o Financeira e Capital de Giro para Empresas de Servi\u00e7os\t\t\t<\/a>\n\t\t<\/h4>\n\t\t\n\t\t<a class=\"elementor-post__read-more\" href=\"https:\/\/multiplacontabil.com.br\/blog\/2026\/08\/31\/gestao-financeira-capital-de-giro-empresas-de-servicos\/\" aria-label=\"Leia mais sobre Gest\u00e3o Financeira e Capital de Giro para Empresas de Servi\u00e7os\" tabindex=\"-1\" target=\"_blank\">\n\t\t\tLeia Mais\t\t<\/a>\n\n\t\t\t\t<\/div>\n\t\t\t\t<div class=\"elementor-post__meta-data\">\n\t\t\t\t\t<span class=\"elementor-post-date\">\n\t\t\t31\/08\/2026\t\t<\/span>\n\t\t\t\t<\/div>\n\t\t\t\t\t<\/div>\n\t\t<\/article>\n\t\t\t\t<article class=\"elementor-post elementor-grid-item post-6065 post type-post status-publish format-standard has-post-thumbnail hentry category-reforma-tributaria tag-advocacia tag-cbs tag-contabilidade-para-advogados tag-escritorios-de-advocacia tag-ibs tag-multipla-assessoria tag-planejamento-tributario tag-reforma-tributaria tag-regime-hibrido tag-simples-nacional\" role=\"listitem\">\n\t\t\t<div class=\"elementor-post__card\">\n\t\t\t\t<a class=\"elementor-post__thumbnail__link\" href=\"https:\/\/multiplacontabil.com.br\/blog\/2026\/08\/31\/reforma-tributaria-advocacia-impactos-estrategias\/\" tabindex=\"-1\" target=\"_blank\"><div class=\"elementor-post__thumbnail\"><img decoding=\"async\" width=\"300\" height=\"200\" src=\"https:\/\/multiplacontabil.com.br\/blog\/wp-content\/uploads\/2026\/08\/reforma-tributaria-advogados-300x200.png\" class=\"attachment-medium size-medium wp-image-6067\" alt=\"\" srcset=\"https:\/\/multiplacontabil.com.br\/blog\/wp-content\/uploads\/2026\/08\/reforma-tributaria-advogados-300x200.png 300w, https:\/\/multiplacontabil.com.br\/blog\/wp-content\/uploads\/2026\/08\/reforma-tributaria-advogados-1024x683.png 1024w, https:\/\/multiplacontabil.com.br\/blog\/wp-content\/uploads\/2026\/08\/reforma-tributaria-advogados-768x512.png 768w, https:\/\/multiplacontabil.com.br\/blog\/wp-content\/uploads\/2026\/08\/reforma-tributaria-advogados.png 1050w\" sizes=\"(max-width: 300px) 100vw, 300px\" \/><\/div><\/a>\n\t\t\t\t<div class=\"elementor-post__text\">\n\t\t\t\t<h4 class=\"elementor-post__title\">\n\t\t\t<a href=\"https:\/\/multiplacontabil.com.br\/blog\/2026\/08\/31\/reforma-tributaria-advocacia-impactos-estrategias\/\" target=&quot;_blank&quot;>\n\t\t\t\tReforma Tribut\u00e1ria para a Advocacia: O Que Muda e Como Preparar o Seu Escrit\u00f3rio\t\t\t<\/a>\n\t\t<\/h4>\n\t\t\n\t\t<a class=\"elementor-post__read-more\" href=\"https:\/\/multiplacontabil.com.br\/blog\/2026\/08\/31\/reforma-tributaria-advocacia-impactos-estrategias\/\" aria-label=\"Leia mais sobre Reforma Tribut\u00e1ria para a Advocacia: O Que Muda e Como Preparar o Seu Escrit\u00f3rio\" tabindex=\"-1\" target=\"_blank\">\n\t\t\tLeia Mais\t\t<\/a>\n\n\t\t\t\t<\/div>\n\t\t\t\t<div class=\"elementor-post__meta-data\">\n\t\t\t\t\t<span class=\"elementor-post-date\">\n\t\t\t31\/08\/2026\t\t<\/span>\n\t\t\t\t<\/div>\n\t\t\t\t\t<\/div>\n\t\t<\/article>\n\t\t\t\t<article class=\"elementor-post elementor-grid-item post-6062 post type-post status-publish format-standard has-post-thumbnail hentry category-uncategorized\" role=\"listitem\">\n\t\t\t<div class=\"elementor-post__card\">\n\t\t\t\t<a class=\"elementor-post__thumbnail__link\" href=\"https:\/\/multiplacontabil.com.br\/blog\/2026\/08\/25\/opcao-simples-nacional-2027\/\" tabindex=\"-1\" target=\"_blank\"><div class=\"elementor-post__thumbnail\"><img decoding=\"async\" width=\"300\" height=\"200\" src=\"https:\/\/multiplacontabil.com.br\/blog\/wp-content\/uploads\/2026\/08\/simples-nacional-opcao-300x200.png\" class=\"attachment-medium size-medium wp-image-6063\" alt=\"\" srcset=\"https:\/\/multiplacontabil.com.br\/blog\/wp-content\/uploads\/2026\/08\/simples-nacional-opcao-300x200.png 300w, https:\/\/multiplacontabil.com.br\/blog\/wp-content\/uploads\/2026\/08\/simples-nacional-opcao-1024x683.png 1024w, https:\/\/multiplacontabil.com.br\/blog\/wp-content\/uploads\/2026\/08\/simples-nacional-opcao-768x512.png 768w, https:\/\/multiplacontabil.com.br\/blog\/wp-content\/uploads\/2026\/08\/simples-nacional-opcao.png 1050w\" sizes=\"(max-width: 300px) 100vw, 300px\" \/><\/div><\/a>\n\t\t\t\t<div class=\"elementor-post__text\">\n\t\t\t\t<h4 class=\"elementor-post__title\">\n\t\t\t<a href=\"https:\/\/multiplacontabil.com.br\/blog\/2026\/08\/25\/opcao-simples-nacional-2027\/\" target=&quot;_blank&quot;>\n\t\t\t\tOp\u00e7\u00e3o Simples Nacional 2027: Prazos, Regras e Novidades\t\t\t<\/a>\n\t\t<\/h4>\n\t\t\n\t\t<a class=\"elementor-post__read-more\" href=\"https:\/\/multiplacontabil.com.br\/blog\/2026\/08\/25\/opcao-simples-nacional-2027\/\" aria-label=\"Leia mais sobre Op\u00e7\u00e3o Simples Nacional 2027: Prazos, Regras e Novidades\" tabindex=\"-1\" target=\"_blank\">\n\t\t\tLeia Mais\t\t<\/a>\n\n\t\t\t\t<\/div>\n\t\t\t\t<div class=\"elementor-post__meta-data\">\n\t\t\t\t\t<span class=\"elementor-post-date\">\n\t\t\t25\/08\/2026\t\t<\/span>\n\t\t\t\t<\/div>\n\t\t\t\t\t<\/div>\n\t\t<\/article>\n\t\t\t\t<article class=\"elementor-post elementor-grid-item post-6049 post type-post status-publish format-standard hentry category-uncategorized\" role=\"listitem\">\n\t\t\t<div class=\"elementor-post__card\">\n\t\t\t\t<div class=\"elementor-post__text\">\n\t\t\t\t<h4 class=\"elementor-post__title\">\n\t\t\t<a href=\"https:\/\/multiplacontabil.com.br\/blog\/2026\/08\/17\/atestado-medico-apresentado-pelo-empregado-quando-a-empresa-deve-aceitar-o-que-pode-conferir-e-como-agir-diante-de-irregularidades\/\" target=&quot;_blank&quot;>\n\t\t\t\tAtestado m\u00e9dico apresentado pelo empregado: quando a empresa deve aceitar, o que pode conferir e como agir diante de irregularidades\t\t\t<\/a>\n\t\t<\/h4>\n\t\t\n\t\t<a class=\"elementor-post__read-more\" href=\"https:\/\/multiplacontabil.com.br\/blog\/2026\/08\/17\/atestado-medico-apresentado-pelo-empregado-quando-a-empresa-deve-aceitar-o-que-pode-conferir-e-como-agir-diante-de-irregularidades\/\" aria-label=\"Leia mais sobre Atestado m\u00e9dico apresentado pelo empregado: quando a empresa deve aceitar, o que pode conferir e como agir diante de irregularidades\" tabindex=\"-1\" target=\"_blank\">\n\t\t\tLeia Mais\t\t<\/a>\n\n\t\t\t\t<\/div>\n\t\t\t\t<div class=\"elementor-post__meta-data\">\n\t\t\t\t\t<span class=\"elementor-post-date\">\n\t\t\t17\/08\/2026\t\t<\/span>\n\t\t\t\t<\/div>\n\t\t\t\t\t<\/div>\n\t\t<\/article>\n\t\t\t\t<article class=\"elementor-post elementor-grid-item post-6043 post type-post status-publish format-standard has-post-thumbnail hentry category-contabilidade category-gestao-empresarial tag-balancete-contabil tag-contabilidade-consultiva tag-financas-empresariais tag-gestao-financeira tag-pmes tag-tomada-de-decisao\" role=\"listitem\">\n\t\t\t<div class=\"elementor-post__card\">\n\t\t\t\t<a class=\"elementor-post__thumbnail__link\" href=\"https:\/\/multiplacontabil.com.br\/blog\/2026\/07\/19\/balancete-contabil-gestao-empresarial\/\" tabindex=\"-1\" target=\"_blank\"><div class=\"elementor-post__thumbnail\"><img loading=\"lazy\" decoding=\"async\" width=\"300\" height=\"200\" src=\"https:\/\/multiplacontabil.com.br\/blog\/wp-content\/uploads\/2026\/07\/balancete-contabil-bussola-300x200.png\" class=\"attachment-medium size-medium wp-image-6045\" alt=\"\" srcset=\"https:\/\/multiplacontabil.com.br\/blog\/wp-content\/uploads\/2026\/07\/balancete-contabil-bussola-300x200.png 300w, https:\/\/multiplacontabil.com.br\/blog\/wp-content\/uploads\/2026\/07\/balancete-contabil-bussola-1024x683.png 1024w, https:\/\/multiplacontabil.com.br\/blog\/wp-content\/uploads\/2026\/07\/balancete-contabil-bussola-768x512.png 768w, https:\/\/multiplacontabil.com.br\/blog\/wp-content\/uploads\/2026\/07\/balancete-contabil-bussola.png 1050w\" sizes=\"(max-width: 300px) 100vw, 300px\" \/><\/div><\/a>\n\t\t\t\t<div class=\"elementor-post__text\">\n\t\t\t\t<h4 class=\"elementor-post__title\">\n\t\t\t<a href=\"https:\/\/multiplacontabil.com.br\/blog\/2026\/07\/19\/balancete-contabil-gestao-empresarial\/\" target=&quot;_blank&quot;>\n\t\t\t\tO Balancete Cont\u00e1bil como B\u00fassola para a Tomada de Decis\u00e3o Empresarial\t\t\t<\/a>\n\t\t<\/h4>\n\t\t\n\t\t<a class=\"elementor-post__read-more\" href=\"https:\/\/multiplacontabil.com.br\/blog\/2026\/07\/19\/balancete-contabil-gestao-empresarial\/\" aria-label=\"Leia mais sobre O Balancete Cont\u00e1bil como B\u00fassola para a Tomada de Decis\u00e3o Empresarial\" tabindex=\"-1\" target=\"_blank\">\n\t\t\tLeia Mais\t\t<\/a>\n\n\t\t\t\t<\/div>\n\t\t\t\t<div class=\"elementor-post__meta-data\">\n\t\t\t\t\t<span class=\"elementor-post-date\">\n\t\t\t19\/07\/2026\t\t<\/span>\n\t\t\t\t<\/div>\n\t\t\t\t\t<\/div>\n\t\t<\/article>\n\t\t\t\t<article class=\"elementor-post elementor-grid-item post-6040 post type-post status-publish format-standard has-post-thumbnail hentry category-uncategorized\" role=\"listitem\">\n\t\t\t<div class=\"elementor-post__card\">\n\t\t\t\t<a class=\"elementor-post__thumbnail__link\" href=\"https:\/\/multiplacontabil.com.br\/blog\/2026\/07\/12\/convenio-de-emprestimo-consignado-o-que-significa-essa-obrigacao-para-a-empresa\/\" tabindex=\"-1\" target=\"_blank\"><div class=\"elementor-post__thumbnail\"><img loading=\"lazy\" decoding=\"async\" width=\"300\" height=\"200\" src=\"https:\/\/multiplacontabil.com.br\/blog\/wp-content\/uploads\/2026\/07\/consignado-trabalhador-impactos-empregador-300x200.png\" class=\"attachment-medium size-medium wp-image-6041\" alt=\"\" srcset=\"https:\/\/multiplacontabil.com.br\/blog\/wp-content\/uploads\/2026\/07\/consignado-trabalhador-impactos-empregador-300x200.png 300w, https:\/\/multiplacontabil.com.br\/blog\/wp-content\/uploads\/2026\/07\/consignado-trabalhador-impactos-empregador-1024x682.png 1024w, https:\/\/multiplacontabil.com.br\/blog\/wp-content\/uploads\/2026\/07\/consignado-trabalhador-impactos-empregador-768x512.png 768w, https:\/\/multiplacontabil.com.br\/blog\/wp-content\/uploads\/2026\/07\/consignado-trabalhador-impactos-empregador.png 1400w\" sizes=\"(max-width: 300px) 100vw, 300px\" \/><\/div><\/a>\n\t\t\t\t<div class=\"elementor-post__text\">\n\t\t\t\t<h4 class=\"elementor-post__title\">\n\t\t\t<a href=\"https:\/\/multiplacontabil.com.br\/blog\/2026\/07\/12\/convenio-de-emprestimo-consignado-o-que-significa-essa-obrigacao-para-a-empresa\/\" target=&quot;_blank&quot;>\n\t\t\t\tConv\u00eanio de Empr\u00e9stimo Consignado: O que Significa essa Obriga\u00e7\u00e3o para a Empresa?\t\t\t<\/a>\n\t\t<\/h4>\n\t\t\n\t\t<a class=\"elementor-post__read-more\" href=\"https:\/\/multiplacontabil.com.br\/blog\/2026\/07\/12\/convenio-de-emprestimo-consignado-o-que-significa-essa-obrigacao-para-a-empresa\/\" aria-label=\"Leia mais sobre Conv\u00eanio de Empr\u00e9stimo Consignado: O que Significa essa Obriga\u00e7\u00e3o para a Empresa?\" tabindex=\"-1\" target=\"_blank\">\n\t\t\tLeia Mais\t\t<\/a>\n\n\t\t\t\t<\/div>\n\t\t\t\t<div class=\"elementor-post__meta-data\">\n\t\t\t\t\t<span class=\"elementor-post-date\">\n\t\t\t12\/07\/2026\t\t<\/span>\n\t\t\t\t<\/div>\n\t\t\t\t\t<\/div>\n\t\t<\/article>\n\t\t\t\t<article class=\"elementor-post elementor-grid-item post-6023 post type-post status-publish format-standard has-post-thumbnail hentry category-departamento-pessoal category-gestao-trabalhista tag-esocial tag-legislacao-trabalhista tag-nr-1 tag-pgr tag-riscos-psicossociais tag-saude-mental-no-trabalho\" role=\"listitem\">\n\t\t\t<div class=\"elementor-post__card\">\n\t\t\t\t<a class=\"elementor-post__thumbnail__link\" href=\"https:\/\/multiplacontabil.com.br\/blog\/2026\/06\/15\/nova-nr-1-saude-mental\/\" tabindex=\"-1\" target=\"_blank\"><div class=\"elementor-post__thumbnail\"><img loading=\"lazy\" decoding=\"async\" width=\"300\" height=\"200\" src=\"https:\/\/multiplacontabil.com.br\/blog\/wp-content\/uploads\/2026\/06\/novaNR1-300x200.png\" class=\"attachment-medium size-medium wp-image-6024\" alt=\"\" srcset=\"https:\/\/multiplacontabil.com.br\/blog\/wp-content\/uploads\/2026\/06\/novaNR1-300x200.png 300w, https:\/\/multiplacontabil.com.br\/blog\/wp-content\/uploads\/2026\/06\/novaNR1-1024x683.png 1024w, https:\/\/multiplacontabil.com.br\/blog\/wp-content\/uploads\/2026\/06\/novaNR1-768x512.png 768w, https:\/\/multiplacontabil.com.br\/blog\/wp-content\/uploads\/2026\/06\/novaNR1.png 1050w\" sizes=\"(max-width: 300px) 100vw, 300px\" \/><\/div><\/a>\n\t\t\t\t<div class=\"elementor-post__text\">\n\t\t\t\t<h4 class=\"elementor-post__title\">\n\t\t\t<a href=\"https:\/\/multiplacontabil.com.br\/blog\/2026\/06\/15\/nova-nr-1-saude-mental\/\" target=&quot;_blank&quot;>\n\t\t\t\tNova NR-1 e Sa\u00fade Mental: O Que Muda para as Empresas?\t\t\t<\/a>\n\t\t<\/h4>\n\t\t\n\t\t<a class=\"elementor-post__read-more\" href=\"https:\/\/multiplacontabil.com.br\/blog\/2026\/06\/15\/nova-nr-1-saude-mental\/\" aria-label=\"Leia mais sobre Nova NR-1 e Sa\u00fade Mental: O Que Muda para as Empresas?\" tabindex=\"-1\" target=\"_blank\">\n\t\t\tLeia Mais\t\t<\/a>\n\n\t\t\t\t<\/div>\n\t\t\t\t<div class=\"elementor-post__meta-data\">\n\t\t\t\t\t<span class=\"elementor-post-date\">\n\t\t\t15\/06\/2026\t\t<\/span>\n\t\t\t\t<\/div>\n\t\t\t\t\t<\/div>\n\t\t<\/article>\n\t\t\t\t<article class=\"elementor-post elementor-grid-item post-6014 post type-post status-publish format-standard has-post-thumbnail hentry category-uncategorized\" role=\"listitem\">\n\t\t\t<div class=\"elementor-post__card\">\n\t\t\t\t<a class=\"elementor-post__thumbnail__link\" href=\"https:\/\/multiplacontabil.com.br\/blog\/2026\/06\/12\/contabilidade-consultiva-gestao-estrategica\/\" tabindex=\"-1\" target=\"_blank\"><div class=\"elementor-post__thumbnail\"><img loading=\"lazy\" decoding=\"async\" width=\"300\" height=\"200\" src=\"https:\/\/multiplacontabil.com.br\/blog\/wp-content\/uploads\/2026\/06\/contabilidade-consultiva-300x200.png\" class=\"attachment-medium size-medium wp-image-6017\" alt=\"\" srcset=\"https:\/\/multiplacontabil.com.br\/blog\/wp-content\/uploads\/2026\/06\/contabilidade-consultiva-300x200.png 300w, https:\/\/multiplacontabil.com.br\/blog\/wp-content\/uploads\/2026\/06\/contabilidade-consultiva-768x512.png 768w, https:\/\/multiplacontabil.com.br\/blog\/wp-content\/uploads\/2026\/06\/contabilidade-consultiva.png 875w\" sizes=\"(max-width: 300px) 100vw, 300px\" \/><\/div><\/a>\n\t\t\t\t<div class=\"elementor-post__text\">\n\t\t\t\t<h4 class=\"elementor-post__title\">\n\t\t\t<a href=\"https:\/\/multiplacontabil.com.br\/blog\/2026\/06\/12\/contabilidade-consultiva-gestao-estrategica\/\" target=&quot;_blank&quot;>\n\t\t\t\tContabilidade Consultiva: O que \u00e9 e por que sua empresa precisa dela?\t\t\t<\/a>\n\t\t<\/h4>\n\t\t\n\t\t<a class=\"elementor-post__read-more\" href=\"https:\/\/multiplacontabil.com.br\/blog\/2026\/06\/12\/contabilidade-consultiva-gestao-estrategica\/\" aria-label=\"Leia mais sobre Contabilidade Consultiva: O que \u00e9 e por que sua empresa precisa dela?\" tabindex=\"-1\" target=\"_blank\">\n\t\t\tLeia Mais\t\t<\/a>\n\n\t\t\t\t<\/div>\n\t\t\t\t<div class=\"elementor-post__meta-data\">\n\t\t\t\t\t<span class=\"elementor-post-date\">\n\t\t\t12\/06\/2026\t\t<\/span>\n\t\t\t\t<\/div>\n\t\t\t\t\t<\/div>\n\t\t<\/article>\n\t\t\t\t<article class=\"elementor-post elementor-grid-item post-6007 post type-post status-publish format-standard has-post-thumbnail hentry category-planejamento-tributario category-reforma-tributaria tag-cashback-de-impostos tag-imposto-sobre-heranca tag-ipva tag-itcmd tag-pessoa-fisica tag-planejamento-patrimonial tag-reforma-tributaria\" role=\"listitem\">\n\t\t\t<div class=\"elementor-post__card\">\n\t\t\t\t<a class=\"elementor-post__thumbnail__link\" href=\"https:\/\/multiplacontabil.com.br\/blog\/2026\/06\/05\/reforma-tributaria-pessoa-fisica\/\" tabindex=\"-1\" target=\"_blank\"><div class=\"elementor-post__thumbnail\"><img loading=\"lazy\" decoding=\"async\" width=\"300\" height=\"200\" src=\"https:\/\/multiplacontabil.com.br\/blog\/wp-content\/uploads\/2026\/01\/planejamento-tributario-300x200.png\" class=\"attachment-medium size-medium wp-image-5849\" alt=\"\" srcset=\"https:\/\/multiplacontabil.com.br\/blog\/wp-content\/uploads\/2026\/01\/planejamento-tributario-300x200.png 300w, https:\/\/multiplacontabil.com.br\/blog\/wp-content\/uploads\/2026\/01\/planejamento-tributario-1024x682.png 1024w, https:\/\/multiplacontabil.com.br\/blog\/wp-content\/uploads\/2026\/01\/planejamento-tributario-768x512.png 768w, https:\/\/multiplacontabil.com.br\/blog\/wp-content\/uploads\/2026\/01\/planejamento-tributario.png 1400w\" sizes=\"(max-width: 300px) 100vw, 300px\" \/><\/div><\/a>\n\t\t\t\t<div class=\"elementor-post__text\">\n\t\t\t\t<h4 class=\"elementor-post__title\">\n\t\t\t<a href=\"https:\/\/multiplacontabil.com.br\/blog\/2026\/06\/05\/reforma-tributaria-pessoa-fisica\/\" target=&quot;_blank&quot;>\n\t\t\t\tReforma Tribut\u00e1ria Pessoa F\u00edsica: O impacto real no seu patrim\u00f4nio e consumo\t\t\t<\/a>\n\t\t<\/h4>\n\t\t\n\t\t<a class=\"elementor-post__read-more\" href=\"https:\/\/multiplacontabil.com.br\/blog\/2026\/06\/05\/reforma-tributaria-pessoa-fisica\/\" aria-label=\"Leia mais sobre Reforma Tribut\u00e1ria Pessoa F\u00edsica: O impacto real no seu patrim\u00f4nio e consumo\" tabindex=\"-1\" target=\"_blank\">\n\t\t\tLeia Mais\t\t<\/a>\n\n\t\t\t\t<\/div>\n\t\t\t\t<div class=\"elementor-post__meta-data\">\n\t\t\t\t\t<span class=\"elementor-post-date\">\n\t\t\t05\/06\/2026\t\t<\/span>\n\t\t\t\t<\/div>\n\t\t\t\t\t<\/div>\n\t\t<\/article>\n\t\t\t\t<\/div>\n\t\t\n\t\t\t\t<div class=\"e-load-more-anchor\" data-page=\"1\" data-max-page=\"21\" data-next-page=\"https:\/\/multiplacontabil.com.br\/blog\/wp-json\/wp\/v2\/pages\/5822\/page\/2\/\"><\/div>\n\t\t\t\t<nav class=\"elementor-pagination\" aria-label=\"Pagina\u00e7\u00e3o\">\n\t\t\t<span class=\"page-numbers prev\">&laquo; Anterior<\/span>\n<a class=\"page-numbers next\" href=\"https:\/\/multiplacontabil.com.br\/blog\/wp-json\/wp\/v2\/pages\/5822\/page\/2\/\">Seguinte &raquo;<\/a>\t\t<\/nav>\n\t\t\t\t\t\t<\/div>\n\t\t\t\t<\/div>\n\t\t\t\t\t<\/div>\n\t\t\t\t<\/div>\n\t\t<div class=\"elementor-element elementor-element-60e29b8f e-flex e-con-boxed e-con e-parent\" data-id=\"60e29b8f\" data-element_type=\"container\" data-e-type=\"container\" data-settings=\"{&quot;background_background&quot;:&quot;classic&quot;}\">\n\t\t\t\t\t<div class=\"e-con-inner\">\n\t\t<div class=\"elementor-element elementor-element-3f2724c2 e-con-full e-flex e-con e-child\" data-id=\"3f2724c2\" data-element_type=\"container\" data-e-type=\"container\">\n\t\t\t\t<div class=\"elementor-element elementor-element-7a3c8ce2 elementor-widget elementor-widget-heading\" data-id=\"7a3c8ce2\" data-element_type=\"widget\" data-e-type=\"widget\" data-widget_type=\"heading.default\">\n\t\t\t\t\t<h2 class=\"elementor-heading-title elementor-size-default\">Quer uma contabilidade que vai al\u00e9m?<\/h2>\t\t\t\t<\/div>\n\t\t\t\t<div class=\"elementor-element elementor-element-43feba1b elementor-widget elementor-widget-text-editor\" data-id=\"43feba1b\" data-element_type=\"widget\" data-e-type=\"widget\" data-widget_type=\"text-editor.default\">\n\t\t\t\t\t\t\t\t\t<p>Ent\u00e3o traga sua empresa para a M\u00faltipla e descubra como um Escrit\u00f3rio Cont\u00e1bil \u00e9 aliado da sua empresa.<\/p>\t\t\t\t\t\t\t\t<\/div>\n\t\t\t\t<div class=\"elementor-element elementor-element-240b5452 elementor-align-center elementor-widget elementor-widget-button\" data-id=\"240b5452\" data-element_type=\"widget\" data-e-type=\"widget\" data-widget_type=\"button.default\">\n\t\t\t\t\t\t\t\t\t\t<a class=\"elementor-button elementor-button-link elementor-size-sm\" href=\"http:\/\/contato\">\n\t\t\t\t\t\t<span class=\"elementor-button-content-wrapper\">\n\t\t\t\t\t\t\t\t\t<span class=\"elementor-button-text\">ENTRAR EM CONTATO<\/span>\n\t\t\t\t\t<\/span>\n\t\t\t\t\t<\/a>\n\t\t\t\t\t\t\t\t<\/div>\n\t\t\t\t<\/div>\n\t\t\t\t\t<\/div>\n\t\t\t\t<\/div>\n\t\t\t\t<\/div>\n\t\t","protected":false},"excerpt":{"rendered":"<p>Blog Conte\u00fado Especializado em Contabilidade e Neg\u00f3cios Quer uma contabilidade que vai al\u00e9m? Ent\u00e3o traga sua empresa para a M\u00faltipla<\/p>\n","protected":false},"author":1,"featured_media":0,"parent":0,"menu_order":0,"comment_status":"closed","ping_status":"closed","template":"","meta":{"footnotes":""},"class_list":["post-5822","page","type-page","status-publish","hentry"],"_links":{"self":[{"href":"https:\/\/multiplacontabil.com.br\/blog\/wp-json\/wp\/v2\/pages\/5822","targetHints":{"allow":["GET"]}}],"collection":[{"href":"https:\/\/multiplacontabil.com.br\/blog\/wp-json\/wp\/v2\/pages"}],"about":[{"href":"https:\/\/multiplacontabil.com.br\/blog\/wp-json\/wp\/v2\/types\/page"}],"author":[{"embeddable":true,"href":"https:\/\/multiplacontabil.com.br\/blog\/wp-json\/wp\/v2\/users\/1"}],"replies":[{"embeddable":true,"href":"https:\/\/multiplacontabil.com.br\/blog\/wp-json\/wp\/v2\/comments?post=5822"}],"version-history":[{"count":7,"href":"https:\/\/multiplacontabil.com.br\/blog\/wp-json\/wp\/v2\/pages\/5822\/revisions"}],"predecessor-version":[{"id":5908,"href":"https:\/\/multiplacontabil.com.br\/blog\/wp-json\/wp\/v2\/pages\/5822\/revisions\/5908"}],"wp:attachment":[{"href":"https:\/\/multiplacontabil.com.br\/blog\/wp-json\/wp\/v2\/media?parent=5822"}],"curies":[{"name":"wp","href":"https:\/\/api.w.org\/{rel}","templated":true}]}}